{"id":6950,"date":"2026-02-26T22:37:00","date_gmt":"2026-02-26T21:37:00","guid":{"rendered":"https:\/\/arnaud-delmarle.com\/?p=6950"},"modified":"2026-04-28T22:02:49","modified_gmt":"2026-04-28T20:02:49","slug":"bbdc-ceremonie-cesar-2026","status":"publish","type":"page","link":"https:\/\/arnaud-delmarle.com\/index.php\/bbdc-ceremonie-cesar-2026\/","title":{"rendered":"Big Boys Don&#8217;t Cry \u00e0 la c\u00e9r\u00e9monie des C\u00e9sar 2026"},"content":{"rendered":"\t\t<div data-elementor-type=\"wp-page\" data-elementor-id=\"6950\" class=\"elementor elementor-6950\">\n\t\t\t\t<div class=\"elementor-element elementor-element-5328094 e-flex e-con-boxed e-con e-parent\" data-id=\"5328094\" data-element_type=\"container\" data-e-type=\"container\">\n\t\t\t\t\t<div class=\"e-con-inner\">\n\t\t\t\t\t<\/div>\n\t\t\t\t<\/div>\n\t\t<div class=\"elementor-element elementor-element-50b0e28 e-flex e-con-boxed e-con e-parent\" data-id=\"50b0e28\" data-element_type=\"container\" data-e-type=\"container\">\n\t\t\t\t\t<div class=\"e-con-inner\">\n\t\t\t\t<div class=\"elementor-element elementor-element-11ee704 elementor-widget elementor-widget-image\" data-id=\"11ee704\" data-element_type=\"widget\" data-e-type=\"widget\" data-widget_type=\"image.default\">\n\t\t\t\t<div class=\"elementor-widget-container\">\n\t\t\t\t\t\t\t\t\t\t\t\t\t\t\t<img fetchpriority=\"high\" decoding=\"async\" width=\"1024\" height=\"384\" src=\"https:\/\/arnaud-delmarle.com\/wp-content\/uploads\/2026\/03\/BBDC_cesar-ceremonie-2026-fond-actu.png-1024x384.png\" class=\"attachment-large size-large wp-image-6881\" alt=\"\" srcset=\"https:\/\/arnaud-delmarle.com\/wp-content\/uploads\/2026\/03\/BBDC_cesar-ceremonie-2026-fond-actu.png-1024x384.png 1024w, https:\/\/arnaud-delmarle.com\/wp-content\/uploads\/2026\/03\/BBDC_cesar-ceremonie-2026-fond-actu.png-300x113.png 300w, https:\/\/arnaud-delmarle.com\/wp-content\/uploads\/2026\/03\/BBDC_cesar-ceremonie-2026-fond-actu.png-768x288.png 768w, https:\/\/arnaud-delmarle.com\/wp-content\/uploads\/2026\/03\/BBDC_cesar-ceremonie-2026-fond-actu.png-1536x576.png 1536w, https:\/\/arnaud-delmarle.com\/wp-content\/uploads\/2026\/03\/BBDC_cesar-ceremonie-2026-fond-actu.png-200x75.png 200w, https:\/\/arnaud-delmarle.com\/wp-content\/uploads\/2026\/03\/BBDC_cesar-ceremonie-2026-fond-actu.png-500x188.png 500w, https:\/\/arnaud-delmarle.com\/wp-content\/uploads\/2026\/03\/BBDC_cesar-ceremonie-2026-fond-actu.png-800x300.png 800w, https:\/\/arnaud-delmarle.com\/wp-content\/uploads\/2026\/03\/BBDC_cesar-ceremonie-2026-fond-actu.png-1280x480.png 1280w, https:\/\/arnaud-delmarle.com\/wp-content\/uploads\/2026\/03\/BBDC_cesar-ceremonie-2026-fond-actu.png.png 1920w\" sizes=\"(max-width: 1024px) 100vw, 1024px\" \/>\t\t\t\t\t\t\t\t\t\t\t\t\t\t\t<\/div>\n\t\t\t\t<\/div>\n\t\t<div class=\"elementor-element elementor-element-8264036 e-con-full e-flex e-con e-child\" data-id=\"8264036\" data-element_type=\"container\" data-e-type=\"container\">\n\t\t\t\t<div class=\"elementor-element elementor-element-e6aff6b elementor-widget-mobile__width-initial elementor-widget elementor-widget-heading\" data-id=\"e6aff6b\" data-element_type=\"widget\" data-e-type=\"widget\" data-widget_type=\"heading.default\">\n\t\t\t\t<div class=\"elementor-widget-container\">\n\t\t\t\t\t<h2 class=\"elementor-heading-title elementor-size-medium\">Big Boys Don't Cry \u00e0 la c\u00e9r\u00e9monie des C\u00e9sar 2026 <\/h2>\t\t\t\t<\/div>\n\t\t\t\t<\/div>\n\t\t\t\t<div class=\"elementor-element elementor-element-327744a elementor-widget elementor-widget-heading\" data-id=\"327744a\" data-element_type=\"widget\" data-e-type=\"widget\" data-widget_type=\"heading.default\">\n\t\t\t\t<div class=\"elementor-widget-container\">\n\t\t\t\t\t<h2 class=\"elementor-heading-title elementor-size-medium\">26 f\u00e9vrier 2026 - \u00e0 l'Olympia<\/h2>\t\t\t\t<\/div>\n\t\t\t\t<\/div>\n\t\t\t\t<\/div>\n\t\t<div class=\"elementor-element elementor-element-ed4bc40 e-con-full e-flex e-con e-child\" data-id=\"ed4bc40\" data-element_type=\"container\" data-e-type=\"container\">\n\t\t<div class=\"elementor-element elementor-element-9092a28 e-con-full e-flex e-con e-child\" data-id=\"9092a28\" data-element_type=\"container\" data-e-type=\"container\">\n\t\t\t\t<\/div>\n\t\t<div class=\"elementor-element elementor-element-2a725b7 e-con-full e-flex e-con e-child\" data-id=\"2a725b7\" data-element_type=\"container\" data-e-type=\"container\">\n\t\t\t\t<div class=\"elementor-element elementor-element-05edca5 elementor-widget-mobile__width-initial elementor-widget__width-initial elementor-widget elementor-widget-text-editor\" data-id=\"05edca5\" data-element_type=\"widget\" data-e-type=\"widget\" data-widget_type=\"text-editor.default\">\n\t\t\t\t<div class=\"elementor-widget-container\">\n\t\t\t\t\t\t\t\t\t<p data-start=\"149\" data-end=\"373\">Le mercredi 28 janvier 2026 autour de 10h00, nous avons officiellement appris la nomination de notre projet <em>Big Boys Don&#8217;t Cry<\/em> au sein des 4 finalistes, nomm\u00e9s pour concourir au C\u00e9sar du meilleur film de court m\u00e9trage de fiction 2026. Nous avons donc \u00e9t\u00e9 convi\u00e9s avec l&#8217;\u00e9quipe \u00e0 la c\u00e9r\u00e9monie officielle de remise des prix des C\u00e9sar, qui se tenait le jeudi 26 f\u00e9vrier 2026 \u00e0 l&#8217;Olympia \u00e0 Paris. Quelle soir\u00e9e inoubliable ! Le show de Benjamin Lavernhe devant Jim Carrey, assis dans la salle, pour lui rendre hommage. Et nous, avec l&#8217;\u00e9quipe de <em data-start=\"681\" data-end=\"701\">Big Boys Don\u2019t Cry<\/em>, produit par le GREC, pour concourir au C\u00e9sar du meilleur court m\u00e9trage de fiction 2026. Rien que \u00e7a !<\/p><p data-start=\"806\" data-end=\"1059\">On n&#8217;a pas eu le C\u00e9sar, non, mais on repart heureux, la t\u00eate dans les nuages et avec des \u00e9toiles plein les yeux. Et aussi, du soulagement. Celui de pouvoir continuer \u00e0 \u00e9crire plus librement dans le futur, sans trop de pression, en restant &#8220;outsider&#8221;. La c\u00e9r\u00e9monie \u00e9tait diffus\u00e9e en clair et en direct sur Canal+ le soir m\u00eame \u00e0 partir de 20h30. Vous \u00eates nombreuses et nombreux \u00e0 nous avoir envoy\u00e9 des messages de soutien derri\u00e8re vos \u00e9crans ce soir-l\u00e0, et je tenais \u00e0 vous remercier profond\u00e9ment.<\/p><p data-start=\"1308\" data-end=\"1330\"><strong>Les 4 nomm\u00e9s\u00a0 sont :<\/strong><\/p><ul><li data-start=\"1332\" data-end=\"1560\">BIG BOYS DON&#8217;T CRY \u2013 r\u00e9alis\u00e9 par Arnaud Delmarle<\/li><li data-start=\"1332\" data-end=\"1560\">DEUX PERSONNES \u00c9CHANGEANT DE LA SALIVE \u2013 r\u00e9alis\u00e9 par Alexandre Singh et Natalie Musteata<\/li><li data-start=\"1332\" data-end=\"1560\">MORT D&#8217;UN ACTEUR \u2013 r\u00e9alis\u00e9 par Ambroise Rateau<\/li><li data-start=\"1332\" data-end=\"1560\">WONDERWALL \u2013 r\u00e9alis\u00e9 par R\u00f3is\u00edn Burns<\/li><\/ul><p data-start=\"1562\" data-end=\"1994\">Merci \u00e0 l\u2019Acad\u00e9mie des Arts et Techniques du Cin\u00e9ma ainsi qu\u2019aux votants pour cette magnifique reconnaissance. Toute mon \u00e9quipe et moi-m\u00eame sommes si fiers et heureux de cette nomination. Bravo \u00e0 Ambroise Rateau, qui a remport\u00e9 le C\u00e9sar avec <em>Mort d&#8217;un acteur<\/em> et \u00e0 l&#8217;ensemble des 24 courts m\u00e9trages s\u00e9lectionn\u00e9s.<\/p><p data-start=\"2116\" data-end=\"2381\">Enfin, j\u2019aimerais infiniment remercier le GREC et l\u2019ensemble de mon \u00e9quipe. Sans leur talent et leur g\u00e9n\u00e9rosit\u00e9, ce film n\u2019aurait jamais pu voir le jour. Voil\u00e0 \u00e9galement quelques photos de la c\u00e9r\u00e9monie. Et maintenant, place \u00e0 un peu de repos&#8230;<\/p>\t\t\t\t\t\t\t\t<\/div>\n\t\t\t\t<\/div>\n\t\t\t\t<\/div>\n\t\t<div class=\"elementor-element elementor-element-1ac2a95 e-con-full e-flex e-con e-child\" data-id=\"1ac2a95\" data-element_type=\"container\" data-e-type=\"container\">\n\t\t\t\t<\/div>\n\t\t<div class=\"elementor-element elementor-element-55e05a9 e-con-full e-flex e-con e-child\" data-id=\"55e05a9\" data-element_type=\"container\" data-e-type=\"container\">\n\t\t\t\t<div class=\"elementor-element elementor-element-8db0cba elementor-widget__width-initial elementor-widget elementor-widget-image\" data-id=\"8db0cba\" data-element_type=\"widget\" data-e-type=\"widget\" data-widget_type=\"image.default\">\n\t\t\t\t<div class=\"elementor-widget-container\">\n\t\t\t\t\t\t\t\t\t\t\t\t\t\t\t<img decoding=\"async\" width=\"1024\" height=\"416\" src=\"https:\/\/arnaud-delmarle.com\/wp-content\/uploads\/2026\/03\/LOGO-2026-MEILLEUR_CM_FICTION_noir-1024x416.jpg\" class=\"attachment-large size-large wp-image-6899\" alt=\"\" srcset=\"https:\/\/arnaud-delmarle.com\/wp-content\/uploads\/2026\/03\/LOGO-2026-MEILLEUR_CM_FICTION_noir-1024x416.jpg 1024w, https:\/\/arnaud-delmarle.com\/wp-content\/uploads\/2026\/03\/LOGO-2026-MEILLEUR_CM_FICTION_noir-300x122.jpg 300w, https:\/\/arnaud-delmarle.com\/wp-content\/uploads\/2026\/03\/LOGO-2026-MEILLEUR_CM_FICTION_noir-768x312.jpg 768w, https:\/\/arnaud-delmarle.com\/wp-content\/uploads\/2026\/03\/LOGO-2026-MEILLEUR_CM_FICTION_noir-1536x624.jpg 1536w, https:\/\/arnaud-delmarle.com\/wp-content\/uploads\/2026\/03\/LOGO-2026-MEILLEUR_CM_FICTION_noir-200x81.jpg 200w, https:\/\/arnaud-delmarle.com\/wp-content\/uploads\/2026\/03\/LOGO-2026-MEILLEUR_CM_FICTION_noir-500x203.jpg 500w, https:\/\/arnaud-delmarle.com\/wp-content\/uploads\/2026\/03\/LOGO-2026-MEILLEUR_CM_FICTION_noir-800x325.jpg 800w, https:\/\/arnaud-delmarle.com\/wp-content\/uploads\/2026\/03\/LOGO-2026-MEILLEUR_CM_FICTION_noir-1280x520.jpg 1280w, https:\/\/arnaud-delmarle.com\/wp-content\/uploads\/2026\/03\/LOGO-2026-MEILLEUR_CM_FICTION_noir.jpg 1890w\" sizes=\"(max-width: 1024px) 100vw, 1024px\" \/>\t\t\t\t\t\t\t\t\t\t\t\t\t\t\t<\/div>\n\t\t\t\t<\/div>\n\t\t\t\t<div class=\"elementor-element elementor-element-26efa23 elementor-mobile-align-left elementor-widget-tablet__width-initial elementor-widget elementor-widget-button\" data-id=\"26efa23\" data-element_type=\"widget\" data-e-type=\"widget\" data-widget_type=\"button.default\">\n\t\t\t\t<div class=\"elementor-widget-container\">\n\t\t\t\t\t\t\t\t\t<div class=\"elementor-button-wrapper\">\n\t\t\t\t\t<a class=\"elementor-button elementor-button-link elementor-size-sm\" href=\"https:\/\/www.academie-cinema.org\/wp-content\/uploads\/2026\/01\/nominations-cesar-2026.pdf\" target=\"_blank\">\n\t\t\t\t\t\t<span class=\"elementor-button-content-wrapper\">\n\t\t\t\t\t\t\t\t\t<span class=\"elementor-button-text\">Liste Nominations 2026<\/span>\n\t\t\t\t\t<\/span>\n\t\t\t\t\t<\/a>\n\t\t\t\t<\/div>\n\t\t\t\t\t\t\t\t<\/div>\n\t\t\t\t<\/div>\n\t\t\t\t<\/div>\n\t\t\t\t<\/div>\n\t\t\t\t<div class=\"elementor-element elementor-element-59bfcb5 elementor-arrows-position-inside elementor-pagination-position-outside elementor-widget elementor-widget-image-carousel\" data-id=\"59bfcb5\" data-element_type=\"widget\" data-e-type=\"widget\" data-settings=\"{&quot;slides_to_show&quot;:&quot;2&quot;,&quot;lazyload&quot;:&quot;yes&quot;,&quot;autoplay_speed&quot;:3000,&quot;navigation&quot;:&quot;both&quot;,&quot;autoplay&quot;:&quot;yes&quot;,&quot;pause_on_hover&quot;:&quot;yes&quot;,&quot;pause_on_interaction&quot;:&quot;yes&quot;,&quot;infinite&quot;:&quot;yes&quot;,&quot;speed&quot;:500}\" data-widget_type=\"image-carousel.default\">\n\t\t\t\t<div class=\"elementor-widget-container\">\n\t\t\t\t\t\t\t<div class=\"elementor-image-carousel-wrapper swiper\" role=\"region\" aria-roledescription=\"carousel\" aria-label=\"Image Carousel\" dir=\"ltr\">\n\t\t\t<div class=\"elementor-image-carousel swiper-wrapper\" aria-live=\"off\">\n\t\t\t\t\t\t\t\t<div class=\"swiper-slide\" role=\"group\" aria-roledescription=\"slide\" aria-label=\"1 of 3\"><a data-elementor-open-lightbox=\"yes\" data-elementor-lightbox-slideshow=\"59bfcb5\" data-e-action-hash=\"#elementor-action%3Aaction%3Dlightbox%26settings%3DeyJpZCI6Njg5MCwidXJsIjoiaHR0cHM6XC9cL2FybmF1ZC1kZWxtYXJsZS5jb21cL3dwLWNvbnRlbnRcL3VwbG9hZHNcLzIwMjZcLzAzXC8zLmpwZyIsInNsaWRlc2hvdyI6IjU5YmZjYjUifQ%3D%3D\" href=\"https:\/\/arnaud-delmarle.com\/wp-content\/uploads\/2026\/03\/3.jpg\"><figure class=\"swiper-slide-inner\"><img class=\"swiper-slide-image swiper-lazy\" data-src=\"https:\/\/arnaud-delmarle.com\/wp-content\/uploads\/2026\/03\/3.jpg\" alt=\"C\u00e9r\u00e9monie des C\u00e9sar 2026, le 26 f\u00e9vrier 2026. Cr\u00e9dit Elisa Comte - ENS Louis-Lumi\u00e8re pour l&#039;Acad\u00e9mie des C\u00e9sar 2026\" \/><div class=\"swiper-lazy-preloader\"><\/div><\/figure><\/a><\/div><div class=\"swiper-slide\" role=\"group\" aria-roledescription=\"slide\" aria-label=\"2 of 3\"><a data-elementor-open-lightbox=\"yes\" data-elementor-lightbox-slideshow=\"59bfcb5\" data-e-action-hash=\"#elementor-action%3Aaction%3Dlightbox%26settings%3DeyJpZCI6Njg5NiwidXJsIjoiaHR0cHM6XC9cL2FybmF1ZC1kZWxtYXJsZS5jb21cL3dwLWNvbnRlbnRcL3VwbG9hZHNcLzIwMjZcLzAzXC8xMy5qcGciLCJzbGlkZXNob3ciOiI1OWJmY2I1In0%3D\" href=\"https:\/\/arnaud-delmarle.com\/wp-content\/uploads\/2026\/03\/13.jpg\"><figure class=\"swiper-slide-inner\"><img class=\"swiper-slide-image swiper-lazy\" data-src=\"https:\/\/arnaud-delmarle.com\/wp-content\/uploads\/2026\/03\/13.jpg\" alt=\"C\u00e9r\u00e9monie des C\u00e9sar 2026, le 26 f\u00e9vrier 2026. Cr\u00e9dit L\u00e9a Martineau - ENS Louis-Lumi\u00e8re pour l&#039;Acad\u00e9mie des C\u00e9sar 2026\" \/><div class=\"swiper-lazy-preloader\"><\/div><\/figure><\/a><\/div><div class=\"swiper-slide\" role=\"group\" aria-roledescription=\"slide\" aria-label=\"3 of 3\"><a data-elementor-open-lightbox=\"yes\" data-elementor-lightbox-slideshow=\"59bfcb5\" data-e-action-hash=\"#elementor-action%3Aaction%3Dlightbox%26settings%3DeyJpZCI6Njg5NywidXJsIjoiaHR0cHM6XC9cL2FybmF1ZC1kZWxtYXJsZS5jb21cL3dwLWNvbnRlbnRcL3VwbG9hZHNcLzIwMjZcLzAzXC8xNC5qcGciLCJzbGlkZXNob3ciOiI1OWJmY2I1In0%3D\" href=\"https:\/\/arnaud-delmarle.com\/wp-content\/uploads\/2026\/03\/14.jpg\"><figure class=\"swiper-slide-inner\"><img class=\"swiper-slide-image swiper-lazy\" data-src=\"https:\/\/arnaud-delmarle.com\/wp-content\/uploads\/2026\/03\/14.jpg\" alt=\"C\u00e9r\u00e9monie des C\u00e9sar 2026, le 26 f\u00e9vrier 2026. Cr\u00e9dit L\u00e9a Martineau - ENS Louis-Lumi\u00e8re pour l&#039;Acad\u00e9mie des C\u00e9sar 2026\" \/><div class=\"swiper-lazy-preloader\"><\/div><\/figure><\/a><\/div>\t\t\t<\/div>\n\t\t\t\t\t\t\t\t\t\t\t\t<div class=\"elementor-swiper-button elementor-swiper-button-prev\" role=\"button\" tabindex=\"0\">\n\t\t\t\t\t\t<i aria-hidden=\"true\" class=\"eicon-chevron-left\"><\/i>\t\t\t\t\t<\/div>\n\t\t\t\t\t<div class=\"elementor-swiper-button elementor-swiper-button-next\" role=\"button\" tabindex=\"0\">\n\t\t\t\t\t\t<i aria-hidden=\"true\" class=\"eicon-chevron-right\"><\/i>\t\t\t\t\t<\/div>\n\t\t\t\t\n\t\t\t\t\t\t\t\t\t<div class=\"swiper-pagination\"><\/div>\n\t\t\t\t\t\t\t\t\t<\/div>\n\t\t\t\t\t\t<\/div>\n\t\t\t\t<\/div>\n\t\t<div class=\"elementor-element elementor-element-ac0fa83 e-flex e-con-boxed e-con e-child\" data-id=\"ac0fa83\" data-element_type=\"container\" data-e-type=\"container\">\n\t\t\t\t\t<div class=\"e-con-inner\">\n\t\t\t\t\t<\/div>\n\t\t\t\t<\/div>\n\t\t<div class=\"elementor-element elementor-element-f31de88 e-con-full e-flex e-con e-child\" data-id=\"f31de88\" data-element_type=\"container\" data-e-type=\"container\">\n\t\t\t\t<div class=\"elementor-element elementor-element-51742a5 elementor-widget elementor-widget-heading\" data-id=\"51742a5\" data-element_type=\"widget\" data-e-type=\"widget\" data-widget_type=\"heading.default\">\n\t\t\t\t<div class=\"elementor-widget-container\">\n\t\t\t\t\t<h2 class=\"elementor-heading-title elementor-size-medium\">Posts r\u00e9cents<\/h2>\t\t\t\t<\/div>\n\t\t\t\t<\/div>\n\t\t\t\t<div class=\"elementor-element elementor-element-d8f4fa3 elementor-widget__width-initial elementor-widget-mobile__width-initial meta-visibility-show title_position_default title_hover_border_default title-default img_hover_animation_default meta_position_default readmore-btn-default-style grid-hover-overlay-type-always tpg-el-box-border-enable tpg-border-bottom-disable elementor-widget elementor-widget-tpg-grid-layout\" data-id=\"d8f4fa3\" data-element_type=\"widget\" data-e-type=\"widget\" data-widget_type=\"tpg-grid-layout.default\">\n\t\t\t\t<div class=\"elementor-widget-container\">\n\t\t\t\t\t\t\t<div class=\"rt-container-fluid rt-tpg-container tpg-el-main-wrapper clearfix grid-layout1-main \"\n\t\t\t id=\"rt-tpg-container-2224419021\"\n\t\t\t data-layout=\"grid-layout1\"\n\t\t\t data-grid-style=\"tpg-full-height\"\n\t\t\t data-sc-id=\"elementor\"\n\t\t\t data-el-settings=''\n\t\t\t data-el-query=''\n\t\t\t data-el-path=''\n\t\t>\n\t\t\t\t\t\t<div class='tpg-header-wrapper '>\n\t\t\t\t\t\t\t<\/div>\n\n\t\t\t<div data-title=\"Loading ...\" class=\"rt-row rt-content-loader grid-layout1 grid-behaviour tpg-full-height grid_layout_wrapper\">\n\t\t\t\t<div class=\"rt-col-md-6 rt-col-sm-6 rt-col-xs-12 default rt-grid-item post-6045 post type-post status-publish format-standard has-post-thumbnail hentry category-blog\"        data-id=\"6045\">\n    <div class=\"rt-holder tpg-post-holder \">\n        <div class=\"rt-detail rt-el-content-wrapper\">\n\t\t\t                <div class=\"rt-img-holder tpg-el-image-wrap has-thumbnail\">\n\t\t\t\t\t<a data-id=\"6045\" href=\"https:\/\/arnaud-delmarle.com\/index.php\/2025\/04\/25\/selection-festival-de-cabourg\/\" class=\"tpg-post-link\" target=\"_self\">                        <img decoding=\"async\" src=\"https:\/\/arnaud-delmarle.com\/wp-content\/uploads\/2025\/05\/cabourg-site-actu-768x576.jpg\"\n                             class=\"rt-img-responsive\"\n                             width=\"768\"\n                             height=\"576\"\n                             alt=\"S\u00e9lection comp\u00e9tition au Festival du film romantique de Cabourg 2025 | Le GREC\">\n                        \n                            \n        <\/a>\n                <div class=\"overlay grid-hover-content\"><\/div>\n                        <\/div>\n\t\t\t\n\t\t\t<div class=\"entry-title-wrapper\"><h3 class=\"entry-title\"><a data-id=\"6045\" href=\"https:\/\/arnaud-delmarle.com\/index.php\/2025\/04\/25\/selection-festival-de-cabourg\/\" class=\"tpg-post-link\" target=\"_self\">S\u00e9lection comp\u00e9tition au Festival du film romantique de Cabourg 2025 | Le GREC<\/a><\/h3><\/div>\n\t\t\t                <div class=\"post-meta-tags rt-el-post-meta\">\n\t\t\t\t\t            <span class='date'>\n\t\t\t\t                                    <a href=\"https:\/\/arnaud-delmarle.com\/index.php\/2025\/04\/25\/\">\n\t\t\t\t\t25 April 2025\t\t\t\t<\/a>\n                \t\t\t<\/span>\n                            <\/div>\n\t\t\t\n\n\t\t\t                <div class=\"tpg-excerpt tpg-el-excerpt\">\n\t\t\t\t\t                        <div class=\"tpg-excerpt-inner\">\n\t\t\t\t\t\t\tJ\u2019ai le plaisir de vous annoncer que Big Boys Don\u2019t Cry est en comp\u00e9tition \u00e0 la 39\u1d49 \u00e9dition du Festival du Film de Cabourg 2025...                        <\/div>\n\t\t\t\t\t\t\t\t\t\t                <\/div>\n\t\t\t\n\t\t\t        <div class=\"post-footer\">\n            <div class=\"post-footer\">\n                <div class=\"read-more\">\n                    <a data-id=\"6045\" href=\"https:\/\/arnaud-delmarle.com\/index.php\/2025\/04\/25\/selection-festival-de-cabourg\/\" class=\"tpg-post-link\" target=\"_self\">En lire plus<i aria-hidden=\"true\" class=\"right-icon far fa-arrow-alt-circle-right\"><\/i><\/a>                <\/div>\n            <\/div>\n        <\/div>\n                <\/div>\n    <\/div>\n<\/div>\n<div class=\"rt-col-md-6 rt-col-sm-6 rt-col-xs-12 default rt-grid-item post-6042 post type-post status-publish format-standard has-post-thumbnail hentry category-blog\"        data-id=\"6042\">\n    <div class=\"rt-holder tpg-post-holder \">\n        <div class=\"rt-detail rt-el-content-wrapper\">\n\t\t\t                <div class=\"rt-img-holder tpg-el-image-wrap has-thumbnail\">\n\t\t\t\t\t<a data-id=\"6042\" href=\"https:\/\/arnaud-delmarle.com\/index.php\/2025\/04\/17\/prix-du-public-montlucon\/\" class=\"tpg-post-link\" target=\"_self\">                        <img loading=\"lazy\" decoding=\"async\" src=\"https:\/\/arnaud-delmarle.com\/wp-content\/uploads\/2025\/05\/montlucon-actu-prix-site-768x576.jpg\"\n                             class=\"rt-img-responsive\"\n                             width=\"768\"\n                             height=\"576\"\n                             alt=\"Prix du public au festival cin\u00e9 en herbe de Montlu\u00e7on pour les Big Boys\">\n                        \n                            \n        <\/a>\n                <div class=\"overlay grid-hover-content\"><\/div>\n                        <\/div>\n\t\t\t\n\t\t\t<div class=\"entry-title-wrapper\"><h3 class=\"entry-title\"><a data-id=\"6042\" href=\"https:\/\/arnaud-delmarle.com\/index.php\/2025\/04\/17\/prix-du-public-montlucon\/\" class=\"tpg-post-link\" target=\"_self\">Prix du public au festival cin\u00e9 en herbe de Montlu\u00e7on pour les Big Boys<\/a><\/h3><\/div>\n\t\t\t                <div class=\"post-meta-tags rt-el-post-meta\">\n\t\t\t\t\t            <span class='date'>\n\t\t\t\t                                    <a href=\"https:\/\/arnaud-delmarle.com\/index.php\/2025\/04\/17\/\">\n\t\t\t\t\t17 April 2025\t\t\t\t<\/a>\n                \t\t\t<\/span>\n                            <\/div>\n\t\t\t\n\n\t\t\t                <div class=\"tpg-excerpt tpg-el-excerpt\">\n\t\t\t\t\t                        <div class=\"tpg-excerpt-inner\">\n\t\t\t\t\t\t\tJe suis tr\u00e8s heureux de vous annoncer que Big Boys Don\u2019t Cry remporte le Prix du Public au festival Cin\u00e9 en herbe de Montlu\u00e7on 2025...                        <\/div>\n\t\t\t\t\t\t\t\t\t\t                <\/div>\n\t\t\t\n\t\t\t        <div class=\"post-footer\">\n            <div class=\"post-footer\">\n                <div class=\"read-more\">\n                    <a data-id=\"6042\" href=\"https:\/\/arnaud-delmarle.com\/index.php\/2025\/04\/17\/prix-du-public-montlucon\/\" class=\"tpg-post-link\" target=\"_self\">En lire plus<i aria-hidden=\"true\" class=\"right-icon far fa-arrow-alt-circle-right\"><\/i><\/a>                <\/div>\n            <\/div>\n        <\/div>\n                <\/div>\n    <\/div>\n<\/div>\n<div class=\"rt-col-md-6 rt-col-sm-6 rt-col-xs-12 default rt-grid-item post-6043 post type-post status-publish format-standard has-post-thumbnail hentry category-blog\"        data-id=\"6043\">\n    <div class=\"rt-holder tpg-post-holder \">\n        <div class=\"rt-detail rt-el-content-wrapper\">\n\t\t\t                <div class=\"rt-img-holder tpg-el-image-wrap has-thumbnail\">\n\t\t\t\t\t<a data-id=\"6043\" href=\"https:\/\/arnaud-delmarle.com\/index.php\/2025\/03\/18\/selection-cote-court-pantin-2025\/\" class=\"tpg-post-link\" target=\"_self\">                        <img loading=\"lazy\" decoding=\"async\" src=\"https:\/\/arnaud-delmarle.com\/wp-content\/uploads\/2025\/05\/pantin_actu_site-1-768x576.jpg\"\n                             class=\"rt-img-responsive\"\n                             width=\"768\"\n                             height=\"576\"\n                             alt=\"S\u00e9lection comp\u00e9tition au Festival C\u00f4t\u00e9 court de Pantin 2025 | Le GREC\">\n                        \n                            \n        <\/a>\n                <div class=\"overlay grid-hover-content\"><\/div>\n                        <\/div>\n\t\t\t\n\t\t\t<div class=\"entry-title-wrapper\"><h3 class=\"entry-title\"><a data-id=\"6043\" href=\"https:\/\/arnaud-delmarle.com\/index.php\/2025\/03\/18\/selection-cote-court-pantin-2025\/\" class=\"tpg-post-link\" target=\"_self\">S\u00e9lection comp\u00e9tition au Festival C\u00f4t\u00e9 court de Pantin 2025 | Le GREC<\/a><\/h3><\/div>\n\t\t\t                <div class=\"post-meta-tags rt-el-post-meta\">\n\t\t\t\t\t            <span class='date'>\n\t\t\t\t                                    <a href=\"https:\/\/arnaud-delmarle.com\/index.php\/2025\/03\/18\/\">\n\t\t\t\t\t18 March 2025\t\t\t\t<\/a>\n                \t\t\t<\/span>\n                            <\/div>\n\t\t\t\n\n\t\t\t                <div class=\"tpg-excerpt tpg-el-excerpt\">\n\t\t\t\t\t                        <div class=\"tpg-excerpt-inner\">\n\t\t\t\t\t\t\tTr\u00e8s fier de vous annoncer que Big Boys Don't Cry est s\u00e9lectionn\u00e9 en comp\u00e9tition fiction au festival C\u00f4t\u00e9 Court Pantin 2025...                        <\/div>\n\t\t\t\t\t\t\t\t\t\t                <\/div>\n\t\t\t\n\t\t\t        <div class=\"post-footer\">\n            <div class=\"post-footer\">\n                <div class=\"read-more\">\n                    <a data-id=\"6043\" href=\"https:\/\/arnaud-delmarle.com\/index.php\/2025\/03\/18\/selection-cote-court-pantin-2025\/\" class=\"tpg-post-link\" target=\"_self\">En lire plus<i aria-hidden=\"true\" class=\"right-icon far fa-arrow-alt-circle-right\"><\/i><\/a>                <\/div>\n            <\/div>\n        <\/div>\n                <\/div>\n    <\/div>\n<\/div>\n<div class=\"rt-col-md-6 rt-col-sm-6 rt-col-xs-12 default rt-grid-item post-6152 post type-post status-publish format-standard has-post-thumbnail hentry category-blog\"        data-id=\"6152\">\n    <div class=\"rt-holder tpg-post-holder \">\n        <div class=\"rt-detail rt-el-content-wrapper\">\n\t\t\t                <div class=\"rt-img-holder tpg-el-image-wrap has-thumbnail\">\n\t\t\t\t\t<a data-id=\"6152\" href=\"https:\/\/arnaud-delmarle.com\/index.php\/2025\/02\/09\/mention-speciale-du-jury-queer-2025\/\" class=\"tpg-post-link\" target=\"_self\">                        <img loading=\"lazy\" decoding=\"async\" src=\"https:\/\/arnaud-delmarle.com\/wp-content\/uploads\/2025\/05\/clermont-prix-BBDC-1-768x576.jpg\"\n                             class=\"rt-img-responsive\"\n                             width=\"768\"\n                             height=\"576\"\n                             alt=\"Prix mention sp\u00e9ciale du jury queer m\u00e9trage au Festival du court m\u00e9trage de Clermont-Ferrand 2025\">\n                        \n                            \n        <\/a>\n                <div class=\"overlay grid-hover-content\"><\/div>\n                        <\/div>\n\t\t\t\n\t\t\t<div class=\"entry-title-wrapper\"><h3 class=\"entry-title\"><a data-id=\"6152\" href=\"https:\/\/arnaud-delmarle.com\/index.php\/2025\/02\/09\/mention-speciale-du-jury-queer-2025\/\" class=\"tpg-post-link\" target=\"_self\">Prix mention sp\u00e9ciale du jury queer m\u00e9trage au Festival du court m\u00e9trage de Clermont-Ferrand 2025<\/a><\/h3><\/div>\n\t\t\t                <div class=\"post-meta-tags rt-el-post-meta\">\n\t\t\t\t\t            <span class='date'>\n\t\t\t\t                                    <a href=\"https:\/\/arnaud-delmarle.com\/index.php\/2025\/02\/09\/\">\n\t\t\t\t\t9 February 2025\t\t\t\t<\/a>\n                \t\t\t<\/span>\n                            <\/div>\n\t\t\t\n\n\t\t\t                <div class=\"tpg-excerpt tpg-el-excerpt\">\n\t\t\t\t\t                        <div class=\"tpg-excerpt-inner\">\n\t\t\t\t\t\t\tIncroyable ! Big Boys Don't Cry remporte la mention sp\u00e9ciale du jury queer m\u00e9trage au festival international du court m\u00e9trage de Clermont-Ferrand 2025 !...                        <\/div>\n\t\t\t\t\t\t\t\t\t\t                <\/div>\n\t\t\t\n\t\t\t        <div class=\"post-footer\">\n            <div class=\"post-footer\">\n                <div class=\"read-more\">\n                    <a data-id=\"6152\" href=\"https:\/\/arnaud-delmarle.com\/index.php\/2025\/02\/09\/mention-speciale-du-jury-queer-2025\/\" class=\"tpg-post-link\" target=\"_self\">En lire plus<i aria-hidden=\"true\" class=\"right-icon far fa-arrow-alt-circle-right\"><\/i><\/a>                <\/div>\n            <\/div>\n        <\/div>\n                <\/div>\n    <\/div>\n<\/div>\n\t\t\t<\/div>\n\t\t\t\n\t\t<\/div>\n\t\t\t\t\t\t<\/div>\n\t\t\t\t<\/div>\n\t\t\t\t<\/div>\n\t\t\t\t\t<\/div>\n\t\t\t\t<\/div>\n\t\t<div class=\"elementor-element elementor-element-114125b elementor-hidden-tablet e-flex e-con-boxed e-con e-parent\" data-id=\"114125b\" data-element_type=\"container\" data-e-type=\"container\">\n\t\t\t\t\t<div class=\"e-con-inner\">\n\t\t\t\t<div class=\"elementor-element elementor-element-4bc8b69 elementor-hidden-desktop elementor-hidden-tablet elementor-hidden-mobile elementor-widget elementor-widget-prime-slider-rubix\" data-id=\"4bc8b69\" data-element_type=\"widget\" data-e-type=\"widget\" data-widget_type=\"prime-slider-rubix.default\">\n\t\t\t\t<div class=\"elementor-widget-container\">\n\t\t\t\t\t\n\t\t\t\t\t\t<div class=\"bdt-prime-slider-rubix\">\n\t\t\t<div id=\"bdt-prime-slider-4bc8b69\" class=\"bdt-rubix-slider elementor-swiper bdt-slide-style-1\" data-settings=\"{&quot;autoplay&quot;:{&quot;delay&quot;:8000},&quot;loop&quot;:true,&quot;speed&quot;:900,&quot;slidesPerView&quot;:1,&quot;slidesPerGroup&quot;:1,&quot;loopedSlides&quot;:4,&quot;centeredSlides&quot;:true,&quot;effect&quot;:&quot;slide&quot;,&quot;parallax&quot;:true,&quot;breakpoints&quot;:{&quot;768&quot;:{&quot;slidesPerView&quot;:1,&quot;slidesPerGroup&quot;:1},&quot;1024&quot;:{&quot;slidesPerView&quot;:2,&quot;slidesPerGroup&quot;:1}},&quot;navigation&quot;:{&quot;nextEl&quot;:&quot;#bdt-prime-slider-4bc8b69 .bdt-navigation-next&quot;,&quot;prevEl&quot;:&quot;#bdt-prime-slider-4bc8b69 .bdt-navigation-prev&quot;},&quot;lazy&quot;:{&quot;loadPrevNext&quot;:&quot;true&quot;},&quot;thumbs&quot;:{&quot;swiper&quot;:{&quot;el&quot;:&quot;#bdt-prime-slider-4bc8b69 .bdt-thumb-slider&quot;,&quot;slidesPerView&quot;:2,&quot;spaceBetween&quot;:10,&quot;watchSlidesVisibility&quot;:true,&quot;watchSlidesProgress&quot;:true,&quot;slideToClickedSlide&quot;:true,&quot;observer&quot;:false,&quot;observeParents&quot;:false,&quot;loop&quot;:true,&quot;speed&quot;:900,&quot;scrollbar&quot;:{&quot;el&quot;:&quot;#bdt-prime-slider-4bc8b69 .swiper-scrollbar&quot;,&quot;draggable&quot;:true},&quot;breakpoints&quot;:{&quot;768&quot;:{&quot;slidesPerView&quot;:3,&quot;spaceBetween&quot;:15}}}}}\">\n\t\t\t\t<div class=\"bdt-main-slider swiper\" role=\"region\" aria-roledescription=\"carousel\" aria-label=\"Rubix Slider\" dir=\"ltr\">\n\t\t\t\t\t<div class=\"swiper-wrapper\">\n\t\t\t\t\t\t\n\t\t\t\t<div class=\"bdt-item  swiper-slide\">\n\t\t\t\t\t<div class=\"bdt-slider-progress\"><\/div>\n\t\t\t\t\t<div class=\"bdt-img-wrap\">\n\t\t\t\t\t\t<img loading=\"lazy\" decoding=\"async\" width=\"2560\" height=\"1920\" src=\"https:\/\/arnaud-delmarle.com\/wp-content\/uploads\/2025\/05\/cabourg-site-actu-scaled.jpg\" class=\"bdt-img swiper-lazy\" alt=\"S\u00e9lection comp\u00e9tition au Festival du film romantique de Cabourg 2025 | Le GREC\" srcset=\"https:\/\/arnaud-delmarle.com\/wp-content\/uploads\/2025\/05\/cabourg-site-actu-scaled.jpg 2560w, https:\/\/arnaud-delmarle.com\/wp-content\/uploads\/2025\/05\/cabourg-site-actu-300x225.jpg 300w, https:\/\/arnaud-delmarle.com\/wp-content\/uploads\/2025\/05\/cabourg-site-actu-1024x768.jpg 1024w, https:\/\/arnaud-delmarle.com\/wp-content\/uploads\/2025\/05\/cabourg-site-actu-768x576.jpg 768w, https:\/\/arnaud-delmarle.com\/wp-content\/uploads\/2025\/05\/cabourg-site-actu-1536x1152.jpg 1536w, https:\/\/arnaud-delmarle.com\/wp-content\/uploads\/2025\/05\/cabourg-site-actu-2048x1536.jpg 2048w, https:\/\/arnaud-delmarle.com\/wp-content\/uploads\/2025\/05\/cabourg-site-actu-200x150.jpg 200w, https:\/\/arnaud-delmarle.com\/wp-content\/uploads\/2025\/05\/cabourg-site-actu-500x375.jpg 500w, https:\/\/arnaud-delmarle.com\/wp-content\/uploads\/2025\/05\/cabourg-site-actu-800x600.jpg 800w, https:\/\/arnaud-delmarle.com\/wp-content\/uploads\/2025\/05\/cabourg-site-actu-1280x960.jpg 1280w, https:\/\/arnaud-delmarle.com\/wp-content\/uploads\/2025\/05\/cabourg-site-actu-1920x1440.jpg 1920w\" sizes=\"(max-width: 2560px) 100vw, 2560px\" \/>\t\t\t\t\t\t\t\t\t\t\t\t\t<div class=\"bdt-read-more\">\n\t\t\t\t\t\t\t\t<a data-reveal=\"reveal-active\" href=\"https:\/\/arnaud-delmarle.com\/index.php\/2025\/04\/25\/selection-festival-de-cabourg\/\">\n\t\t\t\t\t\t\t\t\t<i class=\"ps-wi-link\"><\/i>\n\t\t\t\t\t\t\t\t\t<span>\n\t\t\t\t\t\t\t\t\t\tEn lire plus\t\t\t\t\t\t\t\t\t<\/span>\n\t\t\t\t\t\t\t\t<\/a>\n\t\t\t\t\t\t\t<\/div>\n\t\t\t\t\t\t\t\t\t\t\t<\/div>\n\t\t\t\t\t<div class=\"bdt-content\">\n\t\t\t\t\t\t\t\t\t\t\t\t<h3 class=\"bdt-title\" data-reveal=\"reveal-active\">\n\t\t\t\t<a href=\"https:\/\/arnaud-delmarle.com\/index.php\/2025\/04\/25\/selection-festival-de-cabourg\/\" title=\"S\u00e9lection comp\u00e9tition au Festival du film romantique de Cabourg 2025 | Le GREC\">S\u00e9lection comp\u00e9tition au Festival du film romantique de Cabourg 2025 | Le GREC<\/a>\n\t\t\t<\/h3>\t\t\t\t\t\t\t\t<div class=\"bdt-text\" data-reveal=\"reveal-active\">\n\t\t\t<p>J\u2019ai le plaisir de vous annoncer que Big Boys Don\u2019t Cry est en comp\u00e9tition \u00e0 la 39\u1d49 \u00e9dition du Festival du Film de Cabourg 2025.<\/p>\n\t\t<\/div>\n\t\t\n\t\t\t\t\t\t\t\t\t\t\t\t\t<div class=\"bdt-meta bdt-flex-inline\" data-reveal=\"reveal-active\">\n\t\t\t\t\t\t\t\t\t\t<div class=\"bdt-date-time\">\n\t\t\t<div class=\"bdt-date\">\n\t\t\t\t<i class=\"ps-wi-calendar\" aria-hidden=\"true\"><\/i>\n\t\t\t\t<span>\n\t\t\t\t\t25 April 2025\t\t\t\t<\/span>\n\n\t\t\t<\/div>\n\t\t\t\t\t<\/div>\n\n\t\t\t\t\t\t\t\t\t<\/div>\n\t\t\t\t\t\t\t\t\t\t\t<\/div>\n\t\t\t\t<\/div>\n\n\t\t\t\t\n\t\t\t\t<div class=\"bdt-item  swiper-slide\">\n\t\t\t\t\t<div class=\"bdt-slider-progress\"><\/div>\n\t\t\t\t\t<div class=\"bdt-img-wrap\">\n\t\t\t\t\t\t<img loading=\"lazy\" decoding=\"async\" width=\"2560\" height=\"1920\" src=\"https:\/\/arnaud-delmarle.com\/wp-content\/uploads\/2025\/05\/montlucon-actu-prix-site-scaled.jpg\" class=\"bdt-img swiper-lazy\" alt=\"Prix du public au festival cin\u00e9 en herbe de Montlu\u00e7on pour les Big Boys\" srcset=\"https:\/\/arnaud-delmarle.com\/wp-content\/uploads\/2025\/05\/montlucon-actu-prix-site-scaled.jpg 2560w, https:\/\/arnaud-delmarle.com\/wp-content\/uploads\/2025\/05\/montlucon-actu-prix-site-300x225.jpg 300w, https:\/\/arnaud-delmarle.com\/wp-content\/uploads\/2025\/05\/montlucon-actu-prix-site-1024x768.jpg 1024w, https:\/\/arnaud-delmarle.com\/wp-content\/uploads\/2025\/05\/montlucon-actu-prix-site-768x576.jpg 768w, https:\/\/arnaud-delmarle.com\/wp-content\/uploads\/2025\/05\/montlucon-actu-prix-site-1536x1152.jpg 1536w, https:\/\/arnaud-delmarle.com\/wp-content\/uploads\/2025\/05\/montlucon-actu-prix-site-2048x1536.jpg 2048w, https:\/\/arnaud-delmarle.com\/wp-content\/uploads\/2025\/05\/montlucon-actu-prix-site-200x150.jpg 200w, https:\/\/arnaud-delmarle.com\/wp-content\/uploads\/2025\/05\/montlucon-actu-prix-site-500x375.jpg 500w, https:\/\/arnaud-delmarle.com\/wp-content\/uploads\/2025\/05\/montlucon-actu-prix-site-800x600.jpg 800w, https:\/\/arnaud-delmarle.com\/wp-content\/uploads\/2025\/05\/montlucon-actu-prix-site-1280x960.jpg 1280w, https:\/\/arnaud-delmarle.com\/wp-content\/uploads\/2025\/05\/montlucon-actu-prix-site-1920x1440.jpg 1920w\" sizes=\"(max-width: 2560px) 100vw, 2560px\" \/>\t\t\t\t\t\t\t\t\t\t\t\t\t<div class=\"bdt-read-more\">\n\t\t\t\t\t\t\t\t<a data-reveal=\"reveal-active\" href=\"https:\/\/arnaud-delmarle.com\/index.php\/2025\/04\/17\/prix-du-public-montlucon\/\">\n\t\t\t\t\t\t\t\t\t<i class=\"ps-wi-link\"><\/i>\n\t\t\t\t\t\t\t\t\t<span>\n\t\t\t\t\t\t\t\t\t\tEn lire plus\t\t\t\t\t\t\t\t\t<\/span>\n\t\t\t\t\t\t\t\t<\/a>\n\t\t\t\t\t\t\t<\/div>\n\t\t\t\t\t\t\t\t\t\t\t<\/div>\n\t\t\t\t\t<div class=\"bdt-content\">\n\t\t\t\t\t\t\t\t\t\t\t\t<h3 class=\"bdt-title\" data-reveal=\"reveal-active\">\n\t\t\t\t<a href=\"https:\/\/arnaud-delmarle.com\/index.php\/2025\/04\/17\/prix-du-public-montlucon\/\" title=\"Prix du public au festival cin\u00e9 en herbe de Montlu\u00e7on pour les Big Boys\">Prix du public au festival cin\u00e9 en herbe de Montlu\u00e7on pour les Big Boys<\/a>\n\t\t\t<\/h3>\t\t\t\t\t\t\t\t<div class=\"bdt-text\" data-reveal=\"reveal-active\">\n\t\t\t<p>Je suis tr\u00e8s heureux de vous annoncer que Big Boys Don\u2019t Cry remporte le Prix du Public au festival Cin\u00e9 en herbe de Montlu\u00e7on 2025.<\/p>\n\t\t<\/div>\n\t\t\n\t\t\t\t\t\t\t\t\t\t\t\t\t<div class=\"bdt-meta bdt-flex-inline\" data-reveal=\"reveal-active\">\n\t\t\t\t\t\t\t\t\t\t<div class=\"bdt-date-time\">\n\t\t\t<div class=\"bdt-date\">\n\t\t\t\t<i class=\"ps-wi-calendar\" aria-hidden=\"true\"><\/i>\n\t\t\t\t<span>\n\t\t\t\t\t17 April 2025\t\t\t\t<\/span>\n\n\t\t\t<\/div>\n\t\t\t\t\t<\/div>\n\n\t\t\t\t\t\t\t\t\t<\/div>\n\t\t\t\t\t\t\t\t\t\t\t<\/div>\n\t\t\t\t<\/div>\n\n\t\t\t\t\n\t\t\t\t<div class=\"bdt-item  swiper-slide\">\n\t\t\t\t\t<div class=\"bdt-slider-progress\"><\/div>\n\t\t\t\t\t<div class=\"bdt-img-wrap\">\n\t\t\t\t\t\t<img loading=\"lazy\" decoding=\"async\" width=\"2560\" height=\"1920\" src=\"https:\/\/arnaud-delmarle.com\/wp-content\/uploads\/2025\/05\/pantin_actu_site-1-scaled.jpg\" class=\"bdt-img swiper-lazy\" alt=\"S\u00e9lection comp\u00e9tition au Festival C\u00f4t\u00e9 court de Pantin 2025 | Le GREC\" srcset=\"https:\/\/arnaud-delmarle.com\/wp-content\/uploads\/2025\/05\/pantin_actu_site-1-scaled.jpg 2560w, https:\/\/arnaud-delmarle.com\/wp-content\/uploads\/2025\/05\/pantin_actu_site-1-300x225.jpg 300w, https:\/\/arnaud-delmarle.com\/wp-content\/uploads\/2025\/05\/pantin_actu_site-1-1024x768.jpg 1024w, https:\/\/arnaud-delmarle.com\/wp-content\/uploads\/2025\/05\/pantin_actu_site-1-768x576.jpg 768w, https:\/\/arnaud-delmarle.com\/wp-content\/uploads\/2025\/05\/pantin_actu_site-1-1536x1152.jpg 1536w, https:\/\/arnaud-delmarle.com\/wp-content\/uploads\/2025\/05\/pantin_actu_site-1-2048x1536.jpg 2048w, https:\/\/arnaud-delmarle.com\/wp-content\/uploads\/2025\/05\/pantin_actu_site-1-200x150.jpg 200w, https:\/\/arnaud-delmarle.com\/wp-content\/uploads\/2025\/05\/pantin_actu_site-1-500x375.jpg 500w, https:\/\/arnaud-delmarle.com\/wp-content\/uploads\/2025\/05\/pantin_actu_site-1-800x600.jpg 800w, https:\/\/arnaud-delmarle.com\/wp-content\/uploads\/2025\/05\/pantin_actu_site-1-1280x960.jpg 1280w, https:\/\/arnaud-delmarle.com\/wp-content\/uploads\/2025\/05\/pantin_actu_site-1-1920x1440.jpg 1920w\" sizes=\"(max-width: 2560px) 100vw, 2560px\" \/>\t\t\t\t\t\t\t\t\t\t\t\t\t<div class=\"bdt-read-more\">\n\t\t\t\t\t\t\t\t<a data-reveal=\"reveal-active\" href=\"https:\/\/arnaud-delmarle.com\/index.php\/2025\/03\/18\/selection-cote-court-pantin-2025\/\">\n\t\t\t\t\t\t\t\t\t<i class=\"ps-wi-link\"><\/i>\n\t\t\t\t\t\t\t\t\t<span>\n\t\t\t\t\t\t\t\t\t\tEn lire plus\t\t\t\t\t\t\t\t\t<\/span>\n\t\t\t\t\t\t\t\t<\/a>\n\t\t\t\t\t\t\t<\/div>\n\t\t\t\t\t\t\t\t\t\t\t<\/div>\n\t\t\t\t\t<div class=\"bdt-content\">\n\t\t\t\t\t\t\t\t\t\t\t\t<h3 class=\"bdt-title\" data-reveal=\"reveal-active\">\n\t\t\t\t<a href=\"https:\/\/arnaud-delmarle.com\/index.php\/2025\/03\/18\/selection-cote-court-pantin-2025\/\" title=\"S\u00e9lection comp\u00e9tition au Festival C\u00f4t\u00e9 court de Pantin 2025 | Le GREC\">S\u00e9lection comp\u00e9tition au Festival C\u00f4t\u00e9 court de Pantin 2025 | Le GREC<\/a>\n\t\t\t<\/h3>\t\t\t\t\t\t\t\t<div class=\"bdt-text\" data-reveal=\"reveal-active\">\n\t\t\t<p>Tr\u00e8s fier de vous annoncer que Big Boys Don&#8217;t Cry est s\u00e9lectionn\u00e9 en comp\u00e9tition fiction au festival C\u00f4t\u00e9 Court Pantin 2025<\/p>\n\t\t<\/div>\n\t\t\n\t\t\t\t\t\t\t\t\t\t\t\t\t<div class=\"bdt-meta bdt-flex-inline\" data-reveal=\"reveal-active\">\n\t\t\t\t\t\t\t\t\t\t<div class=\"bdt-date-time\">\n\t\t\t<div class=\"bdt-date\">\n\t\t\t\t<i class=\"ps-wi-calendar\" aria-hidden=\"true\"><\/i>\n\t\t\t\t<span>\n\t\t\t\t\t18 March 2025\t\t\t\t<\/span>\n\n\t\t\t<\/div>\n\t\t\t\t\t<\/div>\n\n\t\t\t\t\t\t\t\t\t<\/div>\n\t\t\t\t\t\t\t\t\t\t\t<\/div>\n\t\t\t\t<\/div>\n\n\t\t\t\t\n\t\t\t\t<div class=\"bdt-item  swiper-slide\">\n\t\t\t\t\t<div class=\"bdt-slider-progress\"><\/div>\n\t\t\t\t\t<div class=\"bdt-img-wrap\">\n\t\t\t\t\t\t<img loading=\"lazy\" decoding=\"async\" width=\"2560\" height=\"1920\" src=\"https:\/\/arnaud-delmarle.com\/wp-content\/uploads\/2025\/05\/clermont-prix-BBDC-1-scaled.jpg\" class=\"bdt-img swiper-lazy\" alt=\"Prix mention sp\u00e9ciale du jury queer m\u00e9trage au Festival du court m\u00e9trage de Clermont-Ferrand 2025\" srcset=\"https:\/\/arnaud-delmarle.com\/wp-content\/uploads\/2025\/05\/clermont-prix-BBDC-1-scaled.jpg 2560w, https:\/\/arnaud-delmarle.com\/wp-content\/uploads\/2025\/05\/clermont-prix-BBDC-1-300x225.jpg 300w, https:\/\/arnaud-delmarle.com\/wp-content\/uploads\/2025\/05\/clermont-prix-BBDC-1-1024x768.jpg 1024w, https:\/\/arnaud-delmarle.com\/wp-content\/uploads\/2025\/05\/clermont-prix-BBDC-1-768x576.jpg 768w, https:\/\/arnaud-delmarle.com\/wp-content\/uploads\/2025\/05\/clermont-prix-BBDC-1-1536x1152.jpg 1536w, https:\/\/arnaud-delmarle.com\/wp-content\/uploads\/2025\/05\/clermont-prix-BBDC-1-2048x1536.jpg 2048w, https:\/\/arnaud-delmarle.com\/wp-content\/uploads\/2025\/05\/clermont-prix-BBDC-1-200x150.jpg 200w, https:\/\/arnaud-delmarle.com\/wp-content\/uploads\/2025\/05\/clermont-prix-BBDC-1-500x375.jpg 500w, https:\/\/arnaud-delmarle.com\/wp-content\/uploads\/2025\/05\/clermont-prix-BBDC-1-800x600.jpg 800w, https:\/\/arnaud-delmarle.com\/wp-content\/uploads\/2025\/05\/clermont-prix-BBDC-1-1280x960.jpg 1280w, https:\/\/arnaud-delmarle.com\/wp-content\/uploads\/2025\/05\/clermont-prix-BBDC-1-1920x1440.jpg 1920w\" sizes=\"(max-width: 2560px) 100vw, 2560px\" \/>\t\t\t\t\t\t\t\t\t\t\t\t\t<div class=\"bdt-read-more\">\n\t\t\t\t\t\t\t\t<a data-reveal=\"reveal-active\" href=\"https:\/\/arnaud-delmarle.com\/index.php\/2025\/02\/09\/mention-speciale-du-jury-queer-2025\/\">\n\t\t\t\t\t\t\t\t\t<i class=\"ps-wi-link\"><\/i>\n\t\t\t\t\t\t\t\t\t<span>\n\t\t\t\t\t\t\t\t\t\tEn lire plus\t\t\t\t\t\t\t\t\t<\/span>\n\t\t\t\t\t\t\t\t<\/a>\n\t\t\t\t\t\t\t<\/div>\n\t\t\t\t\t\t\t\t\t\t\t<\/div>\n\t\t\t\t\t<div class=\"bdt-content\">\n\t\t\t\t\t\t\t\t\t\t\t\t<h3 class=\"bdt-title\" data-reveal=\"reveal-active\">\n\t\t\t\t<a href=\"https:\/\/arnaud-delmarle.com\/index.php\/2025\/02\/09\/mention-speciale-du-jury-queer-2025\/\" title=\"Prix mention sp\u00e9ciale du jury queer m\u00e9trage au Festival du court m\u00e9trage de Clermont-Ferrand 2025\">Prix mention sp\u00e9ciale du jury queer m\u00e9trage au Festival du court m\u00e9trage de Clermont-Ferrand 2025<\/a>\n\t\t\t<\/h3>\t\t\t\t\t\t\t\t<div class=\"bdt-text\" data-reveal=\"reveal-active\">\n\t\t\t<p>Incroyable ! Big Boys Don&#8217;t Cry remporte la mention sp\u00e9ciale du jury queer m\u00e9trage au festival international du court m\u00e9trage de Clermont-Ferrand 2025 ! <\/p>\n\t\t<\/div>\n\t\t\n\t\t\t\t\t\t\t\t\t\t\t\t\t<div class=\"bdt-meta bdt-flex-inline\" data-reveal=\"reveal-active\">\n\t\t\t\t\t\t\t\t\t\t<div class=\"bdt-date-time\">\n\t\t\t<div class=\"bdt-date\">\n\t\t\t\t<i class=\"ps-wi-calendar\" aria-hidden=\"true\"><\/i>\n\t\t\t\t<span>\n\t\t\t\t\t9 February 2025\t\t\t\t<\/span>\n\n\t\t\t<\/div>\n\t\t\t\t\t<\/div>\n\n\t\t\t\t\t\t\t\t\t<\/div>\n\t\t\t\t\t\t\t\t\t\t\t<\/div>\n\t\t\t\t<\/div>\n\n\t\t\t\t\n\t\t\t\t<div class=\"bdt-item  swiper-slide\">\n\t\t\t\t\t<div class=\"bdt-slider-progress\"><\/div>\n\t\t\t\t\t<div class=\"bdt-img-wrap\">\n\t\t\t\t\t\t<img loading=\"lazy\" decoding=\"async\" width=\"2560\" height=\"1920\" src=\"https:\/\/arnaud-delmarle.com\/wp-content\/uploads\/2024\/12\/clap_de_fin_page_photo_actualites-scaled.jpg\" class=\"bdt-img swiper-lazy\" alt=\"Clap de fin pour Big Boys Don&#8217;t Cry\" srcset=\"https:\/\/arnaud-delmarle.com\/wp-content\/uploads\/2024\/12\/clap_de_fin_page_photo_actualites-scaled.jpg 2560w, https:\/\/arnaud-delmarle.com\/wp-content\/uploads\/2024\/12\/clap_de_fin_page_photo_actualites-300x225.jpg 300w, https:\/\/arnaud-delmarle.com\/wp-content\/uploads\/2024\/12\/clap_de_fin_page_photo_actualites-1024x768.jpg 1024w, https:\/\/arnaud-delmarle.com\/wp-content\/uploads\/2024\/12\/clap_de_fin_page_photo_actualites-768x576.jpg 768w, https:\/\/arnaud-delmarle.com\/wp-content\/uploads\/2024\/12\/clap_de_fin_page_photo_actualites-1536x1152.jpg 1536w, https:\/\/arnaud-delmarle.com\/wp-content\/uploads\/2024\/12\/clap_de_fin_page_photo_actualites-2048x1536.jpg 2048w, https:\/\/arnaud-delmarle.com\/wp-content\/uploads\/2024\/12\/clap_de_fin_page_photo_actualites-200x150.jpg 200w\" sizes=\"(max-width: 2560px) 100vw, 2560px\" \/>\t\t\t\t\t\t\t\t\t\t\t\t\t<div class=\"bdt-read-more\">\n\t\t\t\t\t\t\t\t<a data-reveal=\"reveal-active\" href=\"https:\/\/arnaud-delmarle.com\/index.php\/2024\/06\/03\/clap-de-fin-bbdc\/\">\n\t\t\t\t\t\t\t\t\t<i class=\"ps-wi-link\"><\/i>\n\t\t\t\t\t\t\t\t\t<span>\n\t\t\t\t\t\t\t\t\t\tEn lire plus\t\t\t\t\t\t\t\t\t<\/span>\n\t\t\t\t\t\t\t\t<\/a>\n\t\t\t\t\t\t\t<\/div>\n\t\t\t\t\t\t\t\t\t\t\t<\/div>\n\t\t\t\t\t<div class=\"bdt-content\">\n\t\t\t\t\t\t\t\t\t\t\t\t<h3 class=\"bdt-title\" data-reveal=\"reveal-active\">\n\t\t\t\t<a href=\"https:\/\/arnaud-delmarle.com\/index.php\/2024\/06\/03\/clap-de-fin-bbdc\/\" title=\"Clap de fin pour Big Boys Don&#8217;t Cry\">Clap de fin pour Big Boys Don&#8217;t Cry<\/a>\n\t\t\t<\/h3>\t\t\t\t\t\t\t\t<div class=\"bdt-text\" data-reveal=\"reveal-active\">\n\t\t\t<p>Et c&#8217;est une fin de tournage pour Big Boys Don&#8217;t Cry apr\u00e8s 8 jours pass\u00e9s dans le petit village de Saint-Chamas\u2026<\/p>\n\t\t<\/div>\n\t\t\n\t\t\t\t\t\t\t\t\t\t\t\t\t<div class=\"bdt-meta bdt-flex-inline\" data-reveal=\"reveal-active\">\n\t\t\t\t\t\t\t\t\t\t<div class=\"bdt-date-time\">\n\t\t\t<div class=\"bdt-date\">\n\t\t\t\t<i class=\"ps-wi-calendar\" aria-hidden=\"true\"><\/i>\n\t\t\t\t<span>\n\t\t\t\t\t3 June 2024\t\t\t\t<\/span>\n\n\t\t\t<\/div>\n\t\t\t\t\t<\/div>\n\n\t\t\t\t\t\t\t\t\t<\/div>\n\t\t\t\t\t\t\t\t\t\t\t<\/div>\n\t\t\t\t<\/div>\n\n\t\t\t\t\t\t\t\t\t<\/div>\n\t\t\t\t<\/div>\n\t\t\t\t\t\t\t\t<div thumbsSlider=\"\" class=\"bdt-thumb-slider swiper\">\n\t\t\t\t\t<div class=\"swiper-wrapper\">\n\t\t\t\t\t\t\n\t\t\t\t<div class=\"bdt-item swiper-slide\">\n\t\t\t\t\t<div class=\"bdt-content\">\n\t\t\t\t\t\t<h3 class=\"bdt-title\" data-reveal=\"reveal-active\">\n                <a href=\"https:\/\/arnaud-delmarle.com\/index.php\/2025\/04\/25\/selection-festival-de-cabourg\/\" title=\"S\u00e9lection comp\u00e9tition au Festival du film romantique de Cabourg 2025 | Le GREC\">\n                    S\u00e9lection comp\u00e9tition au Festival du film romantique de Cabourg 2025 | Le GREC\n                <\/a>\n            <\/h3>\t\t\t\t\t\t\n\t\t\t\t\t<\/div>\n\t\t\t\t<\/div>\n\t\t\t\t\n\t\t\t\t<div class=\"bdt-item swiper-slide\">\n\t\t\t\t\t<div class=\"bdt-content\">\n\t\t\t\t\t\t<h3 class=\"bdt-title\" data-reveal=\"reveal-active\">\n                <a href=\"https:\/\/arnaud-delmarle.com\/index.php\/2025\/04\/17\/prix-du-public-montlucon\/\" title=\"Prix du public au festival cin\u00e9 en herbe de Montlu\u00e7on pour les Big Boys\">\n                    Prix du public au festival cin\u00e9 en herbe de Montlu\u00e7on pour les Big Boys\n                <\/a>\n            <\/h3>\t\t\t\t\t\t\n\t\t\t\t\t<\/div>\n\t\t\t\t<\/div>\n\t\t\t\t\n\t\t\t\t<div class=\"bdt-item swiper-slide\">\n\t\t\t\t\t<div class=\"bdt-content\">\n\t\t\t\t\t\t<h3 class=\"bdt-title\" data-reveal=\"reveal-active\">\n                <a href=\"https:\/\/arnaud-delmarle.com\/index.php\/2025\/03\/18\/selection-cote-court-pantin-2025\/\" title=\"S\u00e9lection comp\u00e9tition au Festival C\u00f4t\u00e9 court de Pantin 2025 | Le GREC\">\n                    S\u00e9lection comp\u00e9tition au Festival C\u00f4t\u00e9 court de Pantin 2025 | Le GREC\n                <\/a>\n            <\/h3>\t\t\t\t\t\t\n\t\t\t\t\t<\/div>\n\t\t\t\t<\/div>\n\t\t\t\t\n\t\t\t\t<div class=\"bdt-item swiper-slide\">\n\t\t\t\t\t<div class=\"bdt-content\">\n\t\t\t\t\t\t<h3 class=\"bdt-title\" data-reveal=\"reveal-active\">\n                <a href=\"https:\/\/arnaud-delmarle.com\/index.php\/2025\/02\/09\/mention-speciale-du-jury-queer-2025\/\" title=\"Prix mention sp\u00e9ciale du jury queer m\u00e9trage au Festival du court m\u00e9trage de Clermont-Ferrand 2025\">\n                    Prix mention sp\u00e9ciale du jury queer m\u00e9trage au Festival du court m\u00e9trage de Clermont-Ferrand 2025\n                <\/a>\n            <\/h3>\t\t\t\t\t\t\n\t\t\t\t\t<\/div>\n\t\t\t\t<\/div>\n\t\t\t\t\n\t\t\t\t<div class=\"bdt-item swiper-slide\">\n\t\t\t\t\t<div class=\"bdt-content\">\n\t\t\t\t\t\t<h3 class=\"bdt-title\" data-reveal=\"reveal-active\">\n                <a href=\"https:\/\/arnaud-delmarle.com\/index.php\/2024\/06\/03\/clap-de-fin-bbdc\/\" title=\"Clap de fin pour Big Boys Don&#8217;t Cry\">\n                    Clap de fin pour Big Boys Don&#8217;t Cry\n                <\/a>\n            <\/h3>\t\t\t\t\t\t\n\t\t\t\t\t<\/div>\n\t\t\t\t<\/div>\n\t\t\t\t\t\t\t\t\t<\/div>\n\t\t\t\t<\/div>\n\n\t\t\t<\/div>\n\t\t<\/div>\n\t\t\t\t\t\t<\/div>\n\t\t\t\t<\/div>\n\t\t\t\t\t<\/div>\n\t\t\t\t<\/div>\n\t\t<div class=\"elementor-element elementor-element-1983698 e-con-full e-flex e-con e-parent\" data-id=\"1983698\" data-element_type=\"container\" data-e-type=\"container\">\n\t\t<div class=\"elementor-element elementor-element-b6b1d97 e-con-full e-flex e-con e-child\" data-id=\"b6b1d97\" data-element_type=\"container\" data-e-type=\"container\">\n\t\t\t\t<\/div>\n\t\t\t\t<\/div>\n\t\t\t\t<\/div>\n\t\t","protected":false},"excerpt":{"rendered":"<p>Big Boys Don&#8217;t Cry fait parti des 4 nomm\u00e9s pour pr\u00e9tendre au C\u00e9sar du meilleur court-m\u00e9trage de fiction&#8230; <\/p>\n","protected":false},"author":1,"featured_media":6979,"parent":0,"menu_order":0,"comment_status":"closed","ping_status":"closed","template":"elementor_header_footer","meta":{"_uag_custom_page_level_css":"","site-sidebar-layout":"no-sidebar","site-content-layout":"plain-container","ast-site-content-layout":"normal-width-container","site-content-style":"unboxed","site-sidebar-style":"unboxed","ast-global-header-display":"","ast-banner-title-visibility":"","ast-main-header-display":"","ast-hfb-above-header-display":"","ast-hfb-below-header-display":"","ast-hfb-mobile-header-display":"","site-post-title":"disabled","ast-breadcrumbs-content":"","ast-featured-img":"disabled","footer-sml-layout":"","theme-transparent-header-meta":"enabled","adv-header-id-meta":"","stick-header-meta":"","header-above-stick-meta":"","header-main-stick-meta":"","header-below-stick-meta":"","astra-migrate-meta-layouts":"set","ngg_post_thumbnail":0,"_vp_format_video_url":"","_vp_image_focal_point":[],"footnotes":""},"class_list":["post-6950","page","type-page","status-publish","has-post-thumbnail","hentry"],"yoast_head":"<!-- This site is optimized with the Yoast SEO plugin v27.5 - https:\/\/yoast.com\/product\/yoast-seo-wordpress\/ -->\n<title>Big Boys Don&#039;t Cry \u00e0 la c\u00e9r\u00e9monie des C\u00e9sar 2026 -<\/title>\n<meta name=\"robots\" content=\"index, follow, max-snippet:-1, max-image-preview:large, max-video-preview:-1\" \/>\n<link rel=\"canonical\" href=\"https:\/\/arnaud-delmarle.com\/index.php\/bbdc-ceremonie-cesar-2026\/\" \/>\n<meta property=\"og:locale\" content=\"en_US\" \/>\n<meta property=\"og:type\" content=\"article\" \/>\n<meta property=\"og:title\" content=\"Big Boys Don&#039;t Cry \u00e0 la c\u00e9r\u00e9monie des C\u00e9sar 2026 -\" \/>\n<meta property=\"og:description\" content=\"Big Boys Don&#039;t Cry fait parti des 4 nomm\u00e9s pour pr\u00e9tendre au C\u00e9sar du meilleur court-m\u00e9trage de fiction...\" \/>\n<meta property=\"og:url\" content=\"https:\/\/arnaud-delmarle.com\/index.php\/bbdc-ceremonie-cesar-2026\/\" \/>\n<meta property=\"article:modified_time\" content=\"2026-04-28T20:02:49+00:00\" \/>\n<meta property=\"og:image\" content=\"http:\/\/arnaud-delmarle.com\/wp-content\/uploads\/2026\/04\/ceremonie-page-actu-photo_1-scaled.jpg\" \/>\n\t<meta property=\"og:image:width\" content=\"2560\" \/>\n\t<meta property=\"og:image:height\" content=\"1920\" \/>\n\t<meta property=\"og:image:type\" content=\"image\/jpeg\" \/>\n<meta name=\"twitter:card\" content=\"summary_large_image\" \/>\n<meta name=\"twitter:label1\" content=\"Est. reading time\" \/>\n\t<meta name=\"twitter:data1\" content=\"11 minutes\" \/>\n<script type=\"application\/ld+json\" class=\"yoast-schema-graph\">{\"@context\":\"https:\\\/\\\/schema.org\",\"@graph\":[{\"@type\":\"WebPage\",\"@id\":\"https:\\\/\\\/arnaud-delmarle.com\\\/index.php\\\/bbdc-ceremonie-cesar-2026\\\/\",\"url\":\"https:\\\/\\\/arnaud-delmarle.com\\\/index.php\\\/bbdc-ceremonie-cesar-2026\\\/\",\"name\":\"Big Boys Don't Cry \u00e0 la c\u00e9r\u00e9monie des C\u00e9sar 2026 -\",\"isPartOf\":{\"@id\":\"https:\\\/\\\/arnaud-delmarle.com\\\/#website\"},\"primaryImageOfPage\":{\"@id\":\"https:\\\/\\\/arnaud-delmarle.com\\\/index.php\\\/bbdc-ceremonie-cesar-2026\\\/#primaryimage\"},\"image\":{\"@id\":\"https:\\\/\\\/arnaud-delmarle.com\\\/index.php\\\/bbdc-ceremonie-cesar-2026\\\/#primaryimage\"},\"thumbnailUrl\":\"https:\\\/\\\/arnaud-delmarle.com\\\/wp-content\\\/uploads\\\/2026\\\/04\\\/ceremonie-page-actu-photo_1-scaled.jpg\",\"datePublished\":\"2026-02-26T21:37:00+00:00\",\"dateModified\":\"2026-04-28T20:02:49+00:00\",\"breadcrumb\":{\"@id\":\"https:\\\/\\\/arnaud-delmarle.com\\\/index.php\\\/bbdc-ceremonie-cesar-2026\\\/#breadcrumb\"},\"inLanguage\":\"en-US\",\"potentialAction\":[{\"@type\":\"ReadAction\",\"target\":[\"https:\\\/\\\/arnaud-delmarle.com\\\/index.php\\\/bbdc-ceremonie-cesar-2026\\\/\"]}]},{\"@type\":\"ImageObject\",\"inLanguage\":\"en-US\",\"@id\":\"https:\\\/\\\/arnaud-delmarle.com\\\/index.php\\\/bbdc-ceremonie-cesar-2026\\\/#primaryimage\",\"url\":\"https:\\\/\\\/arnaud-delmarle.com\\\/wp-content\\\/uploads\\\/2026\\\/04\\\/ceremonie-page-actu-photo_1-scaled.jpg\",\"contentUrl\":\"https:\\\/\\\/arnaud-delmarle.com\\\/wp-content\\\/uploads\\\/2026\\\/04\\\/ceremonie-page-actu-photo_1-scaled.jpg\",\"width\":2560,\"height\":1920},{\"@type\":\"BreadcrumbList\",\"@id\":\"https:\\\/\\\/arnaud-delmarle.com\\\/index.php\\\/bbdc-ceremonie-cesar-2026\\\/#breadcrumb\",\"itemListElement\":[{\"@type\":\"ListItem\",\"position\":1,\"name\":\"Accueil\",\"item\":\"https:\\\/\\\/arnaud-delmarle.com\\\/\"},{\"@type\":\"ListItem\",\"position\":2,\"name\":\"Big Boys Don&#8217;t Cry \u00e0 la c\u00e9r\u00e9monie des C\u00e9sar 2026\"}]},{\"@type\":\"WebSite\",\"@id\":\"https:\\\/\\\/arnaud-delmarle.com\\\/#website\",\"url\":\"https:\\\/\\\/arnaud-delmarle.com\\\/\",\"name\":\"\",\"description\":\"\",\"potentialAction\":[{\"@type\":\"SearchAction\",\"target\":{\"@type\":\"EntryPoint\",\"urlTemplate\":\"https:\\\/\\\/arnaud-delmarle.com\\\/?s={search_term_string}\"},\"query-input\":{\"@type\":\"PropertyValueSpecification\",\"valueRequired\":true,\"valueName\":\"search_term_string\"}}],\"inLanguage\":\"en-US\"}]}<\/script>\n<!-- \/ Yoast SEO plugin. -->","yoast_head_json":{"title":"Big Boys Don't Cry \u00e0 la c\u00e9r\u00e9monie des C\u00e9sar 2026 -","robots":{"index":"index","follow":"follow","max-snippet":"max-snippet:-1","max-image-preview":"max-image-preview:large","max-video-preview":"max-video-preview:-1"},"canonical":"https:\/\/arnaud-delmarle.com\/index.php\/bbdc-ceremonie-cesar-2026\/","og_locale":"en_US","og_type":"article","og_title":"Big Boys Don't Cry \u00e0 la c\u00e9r\u00e9monie des C\u00e9sar 2026 -","og_description":"Big Boys Don't Cry fait parti des 4 nomm\u00e9s pour pr\u00e9tendre au C\u00e9sar du meilleur court-m\u00e9trage de fiction...","og_url":"https:\/\/arnaud-delmarle.com\/index.php\/bbdc-ceremonie-cesar-2026\/","article_modified_time":"2026-04-28T20:02:49+00:00","og_image":[{"width":2560,"height":1920,"url":"http:\/\/arnaud-delmarle.com\/wp-content\/uploads\/2026\/04\/ceremonie-page-actu-photo_1-scaled.jpg","type":"image\/jpeg"}],"twitter_card":"summary_large_image","twitter_misc":{"Est. reading time":"11 minutes"},"schema":{"@context":"https:\/\/schema.org","@graph":[{"@type":"WebPage","@id":"https:\/\/arnaud-delmarle.com\/index.php\/bbdc-ceremonie-cesar-2026\/","url":"https:\/\/arnaud-delmarle.com\/index.php\/bbdc-ceremonie-cesar-2026\/","name":"Big Boys Don't Cry \u00e0 la c\u00e9r\u00e9monie des C\u00e9sar 2026 -","isPartOf":{"@id":"https:\/\/arnaud-delmarle.com\/#website"},"primaryImageOfPage":{"@id":"https:\/\/arnaud-delmarle.com\/index.php\/bbdc-ceremonie-cesar-2026\/#primaryimage"},"image":{"@id":"https:\/\/arnaud-delmarle.com\/index.php\/bbdc-ceremonie-cesar-2026\/#primaryimage"},"thumbnailUrl":"https:\/\/arnaud-delmarle.com\/wp-content\/uploads\/2026\/04\/ceremonie-page-actu-photo_1-scaled.jpg","datePublished":"2026-02-26T21:37:00+00:00","dateModified":"2026-04-28T20:02:49+00:00","breadcrumb":{"@id":"https:\/\/arnaud-delmarle.com\/index.php\/bbdc-ceremonie-cesar-2026\/#breadcrumb"},"inLanguage":"en-US","potentialAction":[{"@type":"ReadAction","target":["https:\/\/arnaud-delmarle.com\/index.php\/bbdc-ceremonie-cesar-2026\/"]}]},{"@type":"ImageObject","inLanguage":"en-US","@id":"https:\/\/arnaud-delmarle.com\/index.php\/bbdc-ceremonie-cesar-2026\/#primaryimage","url":"https:\/\/arnaud-delmarle.com\/wp-content\/uploads\/2026\/04\/ceremonie-page-actu-photo_1-scaled.jpg","contentUrl":"https:\/\/arnaud-delmarle.com\/wp-content\/uploads\/2026\/04\/ceremonie-page-actu-photo_1-scaled.jpg","width":2560,"height":1920},{"@type":"BreadcrumbList","@id":"https:\/\/arnaud-delmarle.com\/index.php\/bbdc-ceremonie-cesar-2026\/#breadcrumb","itemListElement":[{"@type":"ListItem","position":1,"name":"Accueil","item":"https:\/\/arnaud-delmarle.com\/"},{"@type":"ListItem","position":2,"name":"Big Boys Don&#8217;t Cry \u00e0 la c\u00e9r\u00e9monie des C\u00e9sar 2026"}]},{"@type":"WebSite","@id":"https:\/\/arnaud-delmarle.com\/#website","url":"https:\/\/arnaud-delmarle.com\/","name":"","description":"","potentialAction":[{"@type":"SearchAction","target":{"@type":"EntryPoint","urlTemplate":"https:\/\/arnaud-delmarle.com\/?s={search_term_string}"},"query-input":{"@type":"PropertyValueSpecification","valueRequired":true,"valueName":"search_term_string"}}],"inLanguage":"en-US"}]}},"uagb_featured_image_src":{"full":["https:\/\/arnaud-delmarle.com\/wp-content\/uploads\/2026\/04\/ceremonie-page-actu-photo_1-scaled.jpg",2560,1920,false],"thumbnail":["https:\/\/arnaud-delmarle.com\/wp-content\/uploads\/2026\/04\/ceremonie-page-actu-photo_1-150x150.jpg",150,150,true],"medium":["https:\/\/arnaud-delmarle.com\/wp-content\/uploads\/2026\/04\/ceremonie-page-actu-photo_1-300x225.jpg",300,225,true],"medium_large":["https:\/\/arnaud-delmarle.com\/wp-content\/uploads\/2026\/04\/ceremonie-page-actu-photo_1-768x576.jpg",768,576,true],"large":["https:\/\/arnaud-delmarle.com\/wp-content\/uploads\/2026\/04\/ceremonie-page-actu-photo_1-1024x768.jpg",1024,768,true],"1536x1536":["https:\/\/arnaud-delmarle.com\/wp-content\/uploads\/2026\/04\/ceremonie-page-actu-photo_1-1536x1152.jpg",1536,1152,true],"2048x2048":["https:\/\/arnaud-delmarle.com\/wp-content\/uploads\/2026\/04\/ceremonie-page-actu-photo_1-2048x1536.jpg",2048,1536,true],"depicter-thumbnail":["https:\/\/arnaud-delmarle.com\/wp-content\/uploads\/2026\/04\/ceremonie-page-actu-photo_1-200x150.jpg",200,150,true],"vp_sm":["https:\/\/arnaud-delmarle.com\/wp-content\/uploads\/2026\/04\/ceremonie-page-actu-photo_1-500x375.jpg",500,375,true],"vp_md":["https:\/\/arnaud-delmarle.com\/wp-content\/uploads\/2026\/04\/ceremonie-page-actu-photo_1-800x600.jpg",800,600,true],"vp_lg":["https:\/\/arnaud-delmarle.com\/wp-content\/uploads\/2026\/04\/ceremonie-page-actu-photo_1-1280x960.jpg",1280,960,true],"vp_xl":["https:\/\/arnaud-delmarle.com\/wp-content\/uploads\/2026\/04\/ceremonie-page-actu-photo_1-1920x1440.jpg",1920,1440,true],"vp_sm_popup":["https:\/\/arnaud-delmarle.com\/wp-content\/uploads\/2026\/04\/ceremonie-page-actu-photo_1-500x375.jpg",500,375,true],"vp_md_popup":["https:\/\/arnaud-delmarle.com\/wp-content\/uploads\/2026\/04\/ceremonie-page-actu-photo_1-800x600.jpg",800,600,true],"vp_xl_popup":["https:\/\/arnaud-delmarle.com\/wp-content\/uploads\/2026\/04\/ceremonie-page-actu-photo_1-1920x1440.jpg",1920,1440,true],"tlp-portfolio-thumb":["https:\/\/arnaud-delmarle.com\/wp-content\/uploads\/2026\/04\/ceremonie-page-actu-photo_1-350x250.jpg",350,250,true]},"uagb_author_info":{"display_name":"arnaud-delmarle.com","author_link":"https:\/\/arnaud-delmarle.com\/index.php\/author\/arnaud-delmarle-com\/"},"uagb_comment_info":0,"uagb_excerpt":"Big Boys Don't Cry fait parti des 4 nomm\u00e9s pour pr\u00e9tendre au C\u00e9sar du meilleur court-m\u00e9trage de fiction...","rttpg_featured_image_url":{"full":["https:\/\/arnaud-delmarle.com\/wp-content\/uploads\/2026\/04\/ceremonie-page-actu-photo_1-scaled.jpg",2560,1920,false],"landscape":["https:\/\/arnaud-delmarle.com\/wp-content\/uploads\/2026\/04\/ceremonie-page-actu-photo_1-scaled.jpg",2560,1920,false],"portraits":["https:\/\/arnaud-delmarle.com\/wp-content\/uploads\/2026\/04\/ceremonie-page-actu-photo_1-scaled.jpg",2560,1920,false],"thumbnail":["https:\/\/arnaud-delmarle.com\/wp-content\/uploads\/2026\/04\/ceremonie-page-actu-photo_1-150x150.jpg",150,150,true],"medium":["https:\/\/arnaud-delmarle.com\/wp-content\/uploads\/2026\/04\/ceremonie-page-actu-photo_1-300x225.jpg",300,225,true],"large":["https:\/\/arnaud-delmarle.com\/wp-content\/uploads\/2026\/04\/ceremonie-page-actu-photo_1-1024x768.jpg",1024,768,true],"1536x1536":["https:\/\/arnaud-delmarle.com\/wp-content\/uploads\/2026\/04\/ceremonie-page-actu-photo_1-1536x1152.jpg",1536,1152,true],"2048x2048":["https:\/\/arnaud-delmarle.com\/wp-content\/uploads\/2026\/04\/ceremonie-page-actu-photo_1-2048x1536.jpg",2048,1536,true],"depicter-thumbnail":["https:\/\/arnaud-delmarle.com\/wp-content\/uploads\/2026\/04\/ceremonie-page-actu-photo_1-200x150.jpg",200,150,true],"vp_sm":["https:\/\/arnaud-delmarle.com\/wp-content\/uploads\/2026\/04\/ceremonie-page-actu-photo_1-500x375.jpg",500,375,true],"vp_md":["https:\/\/arnaud-delmarle.com\/wp-content\/uploads\/2026\/04\/ceremonie-page-actu-photo_1-800x600.jpg",800,600,true],"vp_lg":["https:\/\/arnaud-delmarle.com\/wp-content\/uploads\/2026\/04\/ceremonie-page-actu-photo_1-1280x960.jpg",1280,960,true],"vp_xl":["https:\/\/arnaud-delmarle.com\/wp-content\/uploads\/2026\/04\/ceremonie-page-actu-photo_1-1920x1440.jpg",1920,1440,true],"vp_sm_popup":["https:\/\/arnaud-delmarle.com\/wp-content\/uploads\/2026\/04\/ceremonie-page-actu-photo_1-500x375.jpg",500,375,true],"vp_md_popup":["https:\/\/arnaud-delmarle.com\/wp-content\/uploads\/2026\/04\/ceremonie-page-actu-photo_1-800x600.jpg",800,600,true],"vp_xl_popup":["https:\/\/arnaud-delmarle.com\/wp-content\/uploads\/2026\/04\/ceremonie-page-actu-photo_1-1920x1440.jpg",1920,1440,true],"tlp-portfolio-thumb":["https:\/\/arnaud-delmarle.com\/wp-content\/uploads\/2026\/04\/ceremonie-page-actu-photo_1-350x250.jpg",350,250,true]},"rttpg_author":{"display_name":"arnaud-delmarle.com","author_link":"https:\/\/arnaud-delmarle.com\/index.php\/author\/arnaud-delmarle-com\/"},"rttpg_comment":0,"rttpg_category":"","rttpg_excerpt":"Big Boys Don't Cry fait parti des 4 nomm\u00e9s pour pr\u00e9tendre au C\u00e9sar du meilleur court-m\u00e9trage de fiction...","_links":{"self":[{"href":"https:\/\/arnaud-delmarle.com\/index.php\/wp-json\/wp\/v2\/pages\/6950","targetHints":{"allow":["GET"]}}],"collection":[{"href":"https:\/\/arnaud-delmarle.com\/index.php\/wp-json\/wp\/v2\/pages"}],"about":[{"href":"https:\/\/arnaud-delmarle.com\/index.php\/wp-json\/wp\/v2\/types\/page"}],"author":[{"embeddable":true,"href":"https:\/\/arnaud-delmarle.com\/index.php\/wp-json\/wp\/v2\/users\/1"}],"replies":[{"embeddable":true,"href":"https:\/\/arnaud-delmarle.com\/index.php\/wp-json\/wp\/v2\/comments?post=6950"}],"version-history":[{"count":16,"href":"https:\/\/arnaud-delmarle.com\/index.php\/wp-json\/wp\/v2\/pages\/6950\/revisions"}],"predecessor-version":[{"id":7003,"href":"https:\/\/arnaud-delmarle.com\/index.php\/wp-json\/wp\/v2\/pages\/6950\/revisions\/7003"}],"wp:featuredmedia":[{"embeddable":true,"href":"https:\/\/arnaud-delmarle.com\/index.php\/wp-json\/wp\/v2\/media\/6979"}],"wp:attachment":[{"href":"https:\/\/arnaud-delmarle.com\/index.php\/wp-json\/wp\/v2\/media?parent=6950"}],"curies":[{"name":"wp","href":"https:\/\/api.w.org\/{rel}","templated":true}]}}